{"id":22,"date":"2025-02-04T10:01:53","date_gmt":"2025-02-04T10:01:53","guid":{"rendered":"https:\/\/www.pddvitalmm.ro\/?page_id=22"},"modified":"2025-02-26T03:50:03","modified_gmt":"2025-02-26T03:50:03","slug":"comunicate","status":"publish","type":"page","link":"https:\/\/www.pddvitalmm.ro\/en\/comunicate\/","title":{"rendered":"PRESS RELEASES"},"content":{"rendered":"<div data-elementor-type=\"wp-page\" data-elementor-id=\"22\" class=\"elementor elementor-22\" data-elementor-post-type=\"page\">\n\t\t\t\t<div class=\"elementor-element elementor-element-2d91beb e-flex e-con-boxed e-con e-parent\" data-id=\"2d91beb\" data-element_type=\"container\" data-e-type=\"container\">\n\t\t\t\t\t<div class=\"e-con-inner\">\n\t\t\t\t<div class=\"elementor-element elementor-element-951a3ea elementor-grid-2 elementor-posts--align-center elementor-grid-tablet-2 elementor-grid-mobile-1 elementor-posts--thumbnail-top elementor-widget elementor-widget-posts\" data-id=\"951a3ea\" data-element_type=\"widget\" data-e-type=\"widget\" data-settings=\"{&quot;classic_columns&quot;:&quot;2&quot;,&quot;classic_columns_tablet&quot;:&quot;2&quot;,&quot;classic_columns_mobile&quot;:&quot;1&quot;,&quot;classic_row_gap&quot;:{&quot;unit&quot;:&quot;px&quot;,&quot;size&quot;:35,&quot;sizes&quot;:[]},&quot;classic_row_gap_tablet&quot;:{&quot;unit&quot;:&quot;px&quot;,&quot;size&quot;:&quot;&quot;,&quot;sizes&quot;:[]},&quot;classic_row_gap_mobile&quot;:{&quot;unit&quot;:&quot;px&quot;,&quot;size&quot;:&quot;&quot;,&quot;sizes&quot;:[]}}\" data-widget_type=\"posts.classic\">\n\t\t\t\t<div class=\"elementor-widget-container\">\n\t\t\t\t\t\t\t<div class=\"elementor-posts-container elementor-posts elementor-posts--skin-classic elementor-grid\" role=\"list\">\n\t\t\t\t<article class=\"elementor-post elementor-grid-item post-6829 post type-post status-publish format-standard has-post-thumbnail hentry category-comunicat-de-presa\" role=\"listitem\">\n\t\t\t\t<a class=\"elementor-post__thumbnail__link\" href=\"https:\/\/www.pddvitalmm.ro\/en\/2025\/12\/10\/semnarea-contractului-de-servicii-mm-ser-04-asistenta-tehnica-pentru-management-si-supervizarea-contractelor-de-lucrari-din-proiectul-regional-de-dezvoltare-a-infrastructurii-de-apa\/\" tabindex=\"-1\" target=\"&quot;_blank&quot;\">\n\t\t\t<div class=\"elementor-post__thumbnail\"><img fetchpriority=\"high\" decoding=\"async\" width=\"2560\" height=\"1707\" src=\"https:\/\/www.pddvitalmm.ro\/wp-content\/uploads\/2025\/05\/DSC0706-1-scaled.jpg\" class=\"attachment-full size-full wp-image-3954\" alt=\"\" srcset=\"https:\/\/www.pddvitalmm.ro\/wp-content\/uploads\/2025\/05\/DSC0706-1-scaled.jpg 2560w, https:\/\/www.pddvitalmm.ro\/wp-content\/uploads\/2025\/05\/DSC0706-1-300x200.jpg 300w, https:\/\/www.pddvitalmm.ro\/wp-content\/uploads\/2025\/05\/DSC0706-1-1024x683.jpg 1024w, https:\/\/www.pddvitalmm.ro\/wp-content\/uploads\/2025\/05\/DSC0706-1-768x512.jpg 768w, https:\/\/www.pddvitalmm.ro\/wp-content\/uploads\/2025\/05\/DSC0706-1-1536x1024.jpg 1536w, https:\/\/www.pddvitalmm.ro\/wp-content\/uploads\/2025\/05\/DSC0706-1-2048x1365.jpg 2048w, https:\/\/www.pddvitalmm.ro\/wp-content\/uploads\/2025\/05\/DSC0706-1-18x12.jpg 18w\" sizes=\"(max-width: 2560px) 100vw, 2560px\" \/><\/div>\n\t\t<\/a>\n\t\t\t\t<div class=\"elementor-post__text\">\n\t\t\t\t<h3 class=\"elementor-post__title\">\n\t\t\t<a href=\"https:\/\/www.pddvitalmm.ro\/en\/2025\/12\/10\/semnarea-contractului-de-servicii-mm-ser-04-asistenta-tehnica-pentru-management-si-supervizarea-contractelor-de-lucrari-din-proiectul-regional-de-dezvoltare-a-infrastructurii-de-apa\/\" target=\"&quot;_blank&quot;\">\n\t\t\t\tSemnarea contractului de servicii MM-SER-04 \u2013 Asisten\u021b\u0103 Tehnic\u0103 pentru management \u0219i supervizarea contractelor de lucr\u0103ri din \u201eProiectul regional de dezvoltare a infrastructurii de ap\u0103 \u0219i ap\u0103 uzat\u0103 \u00een jude\u021bul Maramure\u0219\t\t\t<\/a>\n\t\t<\/h3>\n\t\t\t\t<div class=\"elementor-post__meta-data\">\n\t\t\t\t\t<span class=\"elementor-post-date\">\n\t\t\tDecember 10, 2025\t\t<\/span>\n\t\t\t\t<span class=\"elementor-post-avatar\">\n\t\t\tNo Comments\t\t<\/span>\n\t\t\t\t<\/div>\n\t\t\t\t\t<div class=\"elementor-post__read-more-wrapper\">\n\t\t\n\t\t<a class=\"elementor-post__read-more\" href=\"https:\/\/www.pddvitalmm.ro\/en\/2025\/12\/10\/semnarea-contractului-de-servicii-mm-ser-04-asistenta-tehnica-pentru-management-si-supervizarea-contractelor-de-lucrari-din-proiectul-regional-de-dezvoltare-a-infrastructurii-de-apa\/\" aria-label=\"Read more about Semnarea contractului de servicii MM-SER-04 \u2013 Asisten\u021b\u0103 Tehnic\u0103 pentru management \u0219i supervizarea contractelor de lucr\u0103ri din \u201eProiectul regional de dezvoltare a infrastructurii de ap\u0103 \u0219i ap\u0103 uzat\u0103 \u00een jude\u021bul Maramure\u0219\" tabindex=\"-1\" target=\"_blank\">\n\t\t\tREAD MORE\t\t<\/a>\n\n\t\t\t\t\t<\/div>\n\t\t\t\t<\/div>\n\t\t\t\t<\/article>\n\t\t\t\t<article class=\"elementor-post elementor-grid-item post-6434 post type-post status-publish format-standard has-post-thumbnail hentry category-comunicat-de-presa\" role=\"listitem\">\n\t\t\t\t<a class=\"elementor-post__thumbnail__link\" href=\"https:\/\/www.pddvitalmm.ro\/en\/2025\/10\/31\/semnarea-contractului-de-executie-lucrari-mm-cl-05-proiectare-si-executie-inclusiv-at-din-partea-proiectantului-conform-legii-10-1995-sistem-transport-apa-potabila-baia-mare-ta\/\" tabindex=\"-1\" target=\"&quot;_blank&quot;\">\n\t\t\t<div class=\"elementor-post__thumbnail\"><img decoding=\"async\" width=\"1024\" height=\"683\" src=\"https:\/\/www.pddvitalmm.ro\/wp-content\/uploads\/2025\/07\/c81e728d9d4c2f636f067f89cc14862c.jpeg\" class=\"attachment-full size-full wp-image-4106\" alt=\"\" srcset=\"https:\/\/www.pddvitalmm.ro\/wp-content\/uploads\/2025\/07\/c81e728d9d4c2f636f067f89cc14862c.jpeg 1024w, https:\/\/www.pddvitalmm.ro\/wp-content\/uploads\/2025\/07\/c81e728d9d4c2f636f067f89cc14862c-300x200.jpeg 300w, https:\/\/www.pddvitalmm.ro\/wp-content\/uploads\/2025\/07\/c81e728d9d4c2f636f067f89cc14862c-768x512.jpeg 768w, https:\/\/www.pddvitalmm.ro\/wp-content\/uploads\/2025\/07\/c81e728d9d4c2f636f067f89cc14862c-18x12.jpeg 18w\" sizes=\"(max-width: 1024px) 100vw, 1024px\" \/><\/div>\n\t\t<\/a>\n\t\t\t\t<div class=\"elementor-post__text\">\n\t\t\t\t<h3 class=\"elementor-post__title\">\n\t\t\t<a href=\"https:\/\/www.pddvitalmm.ro\/en\/2025\/10\/31\/semnarea-contractului-de-executie-lucrari-mm-cl-05-proiectare-si-executie-inclusiv-at-din-partea-proiectantului-conform-legii-10-1995-sistem-transport-apa-potabila-baia-mare-ta\/\" target=\"&quot;_blank&quot;\">\n\t\t\t\tSemnarea contractului de execu\u021bie lucr\u0103ri MM-CL-05: Proiectare \u0219i execu\u021bie (inclusiv AT din partea proiectantului, conform Legii 10\/1995)  \u201eSistem transport ap\u0103 potabil\u0103 Baia Mare \u2013 T\u0103u\u021bii-M\u0103gher\u0103u\u0219 \u2013 Cic\u00e2rl\u0103u \u2013 Seini\u201d\t\t\t<\/a>\n\t\t<\/h3>\n\t\t\t\t<div class=\"elementor-post__meta-data\">\n\t\t\t\t\t<span class=\"elementor-post-date\">\n\t\t\tOctober 31, 2025\t\t<\/span>\n\t\t\t\t<span class=\"elementor-post-avatar\">\n\t\t\tNo Comments\t\t<\/span>\n\t\t\t\t<\/div>\n\t\t\t\t\t<div class=\"elementor-post__read-more-wrapper\">\n\t\t\n\t\t<a class=\"elementor-post__read-more\" href=\"https:\/\/www.pddvitalmm.ro\/en\/2025\/10\/31\/semnarea-contractului-de-executie-lucrari-mm-cl-05-proiectare-si-executie-inclusiv-at-din-partea-proiectantului-conform-legii-10-1995-sistem-transport-apa-potabila-baia-mare-ta\/\" aria-label=\"Read more about Semnarea contractului de execu\u021bie lucr\u0103ri MM-CL-05: Proiectare \u0219i execu\u021bie (inclusiv AT din partea proiectantului, conform Legii 10\/1995)  \u201eSistem transport ap\u0103 potabil\u0103 Baia Mare \u2013 T\u0103u\u021bii-M\u0103gher\u0103u\u0219 \u2013 Cic\u00e2rl\u0103u \u2013 Seini\u201d\" tabindex=\"-1\" target=\"_blank\">\n\t\t\tREAD MORE\t\t<\/a>\n\n\t\t\t\t\t<\/div>\n\t\t\t\t<\/div>\n\t\t\t\t<\/article>\n\t\t\t\t<article class=\"elementor-post elementor-grid-item post-5370 post type-post status-publish format-standard has-post-thumbnail hentry category-comunicat-de-presa\" role=\"listitem\">\n\t\t\t\t<a class=\"elementor-post__thumbnail__link\" href=\"https:\/\/www.pddvitalmm.ro\/en\/2025\/08\/07\/semnarea-contractului-de-executie-lucrari-mm-cl-10-retele-apa-si-apa-uzata-viseu-de-sus-bocicoiu-mare-poienile-de-sub-munte\/\" tabindex=\"-1\" target=\"&quot;_blank&quot;\">\n\t\t\t<div class=\"elementor-post__thumbnail\"><img decoding=\"async\" width=\"2560\" height=\"1707\" src=\"https:\/\/www.pddvitalmm.ro\/wp-content\/uploads\/2025\/05\/DSC0750-scaled.jpg\" class=\"attachment-full size-full wp-image-3948\" alt=\"\" srcset=\"https:\/\/www.pddvitalmm.ro\/wp-content\/uploads\/2025\/05\/DSC0750-scaled.jpg 2560w, https:\/\/www.pddvitalmm.ro\/wp-content\/uploads\/2025\/05\/DSC0750-300x200.jpg 300w, https:\/\/www.pddvitalmm.ro\/wp-content\/uploads\/2025\/05\/DSC0750-1024x683.jpg 1024w, https:\/\/www.pddvitalmm.ro\/wp-content\/uploads\/2025\/05\/DSC0750-768x512.jpg 768w, https:\/\/www.pddvitalmm.ro\/wp-content\/uploads\/2025\/05\/DSC0750-1536x1024.jpg 1536w, https:\/\/www.pddvitalmm.ro\/wp-content\/uploads\/2025\/05\/DSC0750-2048x1365.jpg 2048w, https:\/\/www.pddvitalmm.ro\/wp-content\/uploads\/2025\/05\/DSC0750-18x12.jpg 18w\" sizes=\"(max-width: 2560px) 100vw, 2560px\" \/><\/div>\n\t\t<\/a>\n\t\t\t\t<div class=\"elementor-post__text\">\n\t\t\t\t<h3 class=\"elementor-post__title\">\n\t\t\t<a href=\"https:\/\/www.pddvitalmm.ro\/en\/2025\/08\/07\/semnarea-contractului-de-executie-lucrari-mm-cl-10-retele-apa-si-apa-uzata-viseu-de-sus-bocicoiu-mare-poienile-de-sub-munte\/\" target=\"&quot;_blank&quot;\">\n\t\t\t\tSemnarea contractului de execu\u021bie lucr\u0103ri MM-CL-10 \u2013 \u201dRe\u021bele ap\u0103 \u0219i ap\u0103 uzat\u0103: Vi\u0219eu de Sus, Bocicoiu Mare, Poienile de Sub Munte\u201d\t\t\t<\/a>\n\t\t<\/h3>\n\t\t\t\t<div class=\"elementor-post__meta-data\">\n\t\t\t\t\t<span class=\"elementor-post-date\">\n\t\t\tAugust 7, 2025\t\t<\/span>\n\t\t\t\t<span class=\"elementor-post-avatar\">\n\t\t\tNo Comments\t\t<\/span>\n\t\t\t\t<\/div>\n\t\t\t\t\t<div class=\"elementor-post__read-more-wrapper\">\n\t\t\n\t\t<a class=\"elementor-post__read-more\" href=\"https:\/\/www.pddvitalmm.ro\/en\/2025\/08\/07\/semnarea-contractului-de-executie-lucrari-mm-cl-10-retele-apa-si-apa-uzata-viseu-de-sus-bocicoiu-mare-poienile-de-sub-munte\/\" aria-label=\"Read more about Semnarea contractului de execu\u021bie lucr\u0103ri MM-CL-10 \u2013 \u201dRe\u021bele ap\u0103 \u0219i ap\u0103 uzat\u0103: Vi\u0219eu de Sus, Bocicoiu Mare, Poienile de Sub Munte\u201d\" tabindex=\"-1\" target=\"_blank\">\n\t\t\tREAD MORE\t\t<\/a>\n\n\t\t\t\t\t<\/div>\n\t\t\t\t<\/div>\n\t\t\t\t<\/article>\n\t\t\t\t<article class=\"elementor-post elementor-grid-item post-4120 post type-post status-publish format-standard has-post-thumbnail hentry category-comunicat-de-presa\" role=\"listitem\">\n\t\t\t\t<a class=\"elementor-post__thumbnail__link\" href=\"https:\/\/www.pddvitalmm.ro\/en\/2025\/07\/03\/semnarea-contractului-de-executie-lucrari-mm-cl-08-retele-de-apa-si-apa-uzata-coltau-sacalaseni-copalnic-manastur-cicarlau-seini-satulung\/\" tabindex=\"-1\" target=\"&quot;_blank&quot;\">\n\t\t\t<div class=\"elementor-post__thumbnail\"><img decoding=\"async\" src=\"https:\/\/www.pddvitalmm.ro\/wp-content\/uploads\/2025\/02\/MEZ_7074-2.jpg\" class=\"attachment-full size-full wp-image-664\" alt=\"\" \/><\/div>\n\t\t<\/a>\n\t\t\t\t<div class=\"elementor-post__text\">\n\t\t\t\t<h3 class=\"elementor-post__title\">\n\t\t\t<a href=\"https:\/\/www.pddvitalmm.ro\/en\/2025\/07\/03\/semnarea-contractului-de-executie-lucrari-mm-cl-08-retele-de-apa-si-apa-uzata-coltau-sacalaseni-copalnic-manastur-cicarlau-seini-satulung\/\" target=\"&quot;_blank&quot;\">\n\t\t\t\tSemnarea contractului de execu\u021bie lucr\u0103ri MM-CL-08: &#8222;Re\u021bele de ap\u0103 \u0219i ap\u0103 uzat\u0103 Coltau, S\u0103c\u0103l\u0103\u0219eni, Copalnic M\u0103n\u0103\u0219tur, Cic\u00e2rl\u0103u, Seini, Satulung&#8221;\t\t\t<\/a>\n\t\t<\/h3>\n\t\t\t\t<div class=\"elementor-post__meta-data\">\n\t\t\t\t\t<span class=\"elementor-post-date\">\n\t\t\tJuly 3, 2025\t\t<\/span>\n\t\t\t\t<span class=\"elementor-post-avatar\">\n\t\t\tNo Comments\t\t<\/span>\n\t\t\t\t<\/div>\n\t\t\t\t\t<div class=\"elementor-post__read-more-wrapper\">\n\t\t\n\t\t<a class=\"elementor-post__read-more\" href=\"https:\/\/www.pddvitalmm.ro\/en\/2025\/07\/03\/semnarea-contractului-de-executie-lucrari-mm-cl-08-retele-de-apa-si-apa-uzata-coltau-sacalaseni-copalnic-manastur-cicarlau-seini-satulung\/\" aria-label=\"Read more about Semnarea contractului de execu\u021bie lucr\u0103ri MM-CL-08: &#8222;Re\u021bele de ap\u0103 \u0219i ap\u0103 uzat\u0103 Coltau, S\u0103c\u0103l\u0103\u0219eni, Copalnic M\u0103n\u0103\u0219tur, Cic\u00e2rl\u0103u, Seini, Satulung&#8221;\" tabindex=\"-1\" target=\"_blank\">\n\t\t\tREAD MORE\t\t<\/a>\n\n\t\t\t\t\t<\/div>\n\t\t\t\t<\/div>\n\t\t\t\t<\/article>\n\t\t\t\t<article class=\"elementor-post elementor-grid-item post-4105 post type-post status-publish format-standard has-post-thumbnail hentry category-comunicat-de-presa\" role=\"listitem\">\n\t\t\t\t<a class=\"elementor-post__thumbnail__link\" href=\"https:\/\/www.pddvitalmm.ro\/en\/2025\/07\/03\/semnarea-contractului-de-servicii-mm-ser-03-softuri-de-operare-si-implementare-gis-si-scada-sistem-unitar\/\" tabindex=\"-1\" target=\"&quot;_blank&quot;\">\n\t\t\t<div class=\"elementor-post__thumbnail\"><img decoding=\"async\" width=\"1024\" height=\"683\" src=\"https:\/\/www.pddvitalmm.ro\/wp-content\/uploads\/2025\/07\/c81e728d9d4c2f636f067f89cc14862c.jpeg\" class=\"attachment-full size-full wp-image-4106\" alt=\"\" srcset=\"https:\/\/www.pddvitalmm.ro\/wp-content\/uploads\/2025\/07\/c81e728d9d4c2f636f067f89cc14862c.jpeg 1024w, https:\/\/www.pddvitalmm.ro\/wp-content\/uploads\/2025\/07\/c81e728d9d4c2f636f067f89cc14862c-300x200.jpeg 300w, https:\/\/www.pddvitalmm.ro\/wp-content\/uploads\/2025\/07\/c81e728d9d4c2f636f067f89cc14862c-768x512.jpeg 768w, https:\/\/www.pddvitalmm.ro\/wp-content\/uploads\/2025\/07\/c81e728d9d4c2f636f067f89cc14862c-18x12.jpeg 18w\" sizes=\"(max-width: 1024px) 100vw, 1024px\" \/><\/div>\n\t\t<\/a>\n\t\t\t\t<div class=\"elementor-post__text\">\n\t\t\t\t<h3 class=\"elementor-post__title\">\n\t\t\t<a href=\"https:\/\/www.pddvitalmm.ro\/en\/2025\/07\/03\/semnarea-contractului-de-servicii-mm-ser-03-softuri-de-operare-si-implementare-gis-si-scada-sistem-unitar\/\" target=\"&quot;_blank&quot;\">\n\t\t\t\tSemnarea Contractului de servicii MM-SER-03: &#8222;Softuri de operare si implementare GIS si SCADA sistem unitar&#8221;\t\t\t<\/a>\n\t\t<\/h3>\n\t\t\t\t<div class=\"elementor-post__meta-data\">\n\t\t\t\t\t<span class=\"elementor-post-date\">\n\t\t\tJuly 3, 2025\t\t<\/span>\n\t\t\t\t<span class=\"elementor-post-avatar\">\n\t\t\tNo Comments\t\t<\/span>\n\t\t\t\t<\/div>\n\t\t\t\t\t<div class=\"elementor-post__read-more-wrapper\">\n\t\t\n\t\t<a class=\"elementor-post__read-more\" href=\"https:\/\/www.pddvitalmm.ro\/en\/2025\/07\/03\/semnarea-contractului-de-servicii-mm-ser-03-softuri-de-operare-si-implementare-gis-si-scada-sistem-unitar\/\" aria-label=\"Read more about Semnarea Contractului de servicii MM-SER-03: &#8222;Softuri de operare si implementare GIS si SCADA sistem unitar&#8221;\" tabindex=\"-1\" target=\"_blank\">\n\t\t\tREAD MORE\t\t<\/a>\n\n\t\t\t\t\t<\/div>\n\t\t\t\t<\/div>\n\t\t\t\t<\/article>\n\t\t\t\t<article class=\"elementor-post elementor-grid-item post-3968 post type-post status-publish format-standard has-post-thumbnail hentry category-comunicat-de-presa\" role=\"listitem\">\n\t\t\t\t<a class=\"elementor-post__thumbnail__link\" href=\"https:\/\/www.pddvitalmm.ro\/en\/2025\/05\/27\/semnarea-contractul-de-furnizare-mm-f-02-mm-f-02-furnizare-echipamente-scada\/\" tabindex=\"-1\" target=\"&quot;_blank&quot;\">\n\t\t\t<div class=\"elementor-post__thumbnail\"><img loading=\"lazy\" decoding=\"async\" width=\"2560\" height=\"1703\" src=\"https:\/\/www.pddvitalmm.ro\/wp-content\/uploads\/2025\/05\/SEB_5600-1-scaled.jpg\" class=\"attachment-full size-full wp-image-3961\" alt=\"\" srcset=\"https:\/\/www.pddvitalmm.ro\/wp-content\/uploads\/2025\/05\/SEB_5600-1-scaled.jpg 2560w, https:\/\/www.pddvitalmm.ro\/wp-content\/uploads\/2025\/05\/SEB_5600-1-300x200.jpg 300w, https:\/\/www.pddvitalmm.ro\/wp-content\/uploads\/2025\/05\/SEB_5600-1-1024x681.jpg 1024w, https:\/\/www.pddvitalmm.ro\/wp-content\/uploads\/2025\/05\/SEB_5600-1-768x511.jpg 768w, https:\/\/www.pddvitalmm.ro\/wp-content\/uploads\/2025\/05\/SEB_5600-1-1536x1022.jpg 1536w, https:\/\/www.pddvitalmm.ro\/wp-content\/uploads\/2025\/05\/SEB_5600-1-2048x1363.jpg 2048w, https:\/\/www.pddvitalmm.ro\/wp-content\/uploads\/2025\/05\/SEB_5600-1-18x12.jpg 18w\" sizes=\"(max-width: 2560px) 100vw, 2560px\" \/><\/div>\n\t\t<\/a>\n\t\t\t\t<div class=\"elementor-post__text\">\n\t\t\t\t<h3 class=\"elementor-post__title\">\n\t\t\t<a href=\"https:\/\/www.pddvitalmm.ro\/en\/2025\/05\/27\/semnarea-contractul-de-furnizare-mm-f-02-mm-f-02-furnizare-echipamente-scada\/\" target=\"&quot;_blank&quot;\">\n\t\t\t\tSigning of the Supply Contract MM-F-02: \"MM-F-02 Supply of SCADA Equipment\"\t\t\t<\/a>\n\t\t<\/h3>\n\t\t\t\t<div class=\"elementor-post__meta-data\">\n\t\t\t\t\t<span class=\"elementor-post-date\">\n\t\t\tMay 27, 2025\t\t<\/span>\n\t\t\t\t<span class=\"elementor-post-avatar\">\n\t\t\tNo Comments\t\t<\/span>\n\t\t\t\t<\/div>\n\t\t\t\t\t<div class=\"elementor-post__read-more-wrapper\">\n\t\t\n\t\t<a class=\"elementor-post__read-more\" href=\"https:\/\/www.pddvitalmm.ro\/en\/2025\/05\/27\/semnarea-contractul-de-furnizare-mm-f-02-mm-f-02-furnizare-echipamente-scada\/\" aria-label=\"Read more about Semnarea Contractul de furnizare MM-F-02: \u201dMM-F-02 Furnizare echipamente SCADA\u201d\" tabindex=\"-1\" target=\"_blank\">\n\t\t\tREAD MORE\t\t<\/a>\n\n\t\t\t\t\t<\/div>\n\t\t\t\t<\/div>\n\t\t\t\t<\/article>\n\t\t\t\t<article class=\"elementor-post elementor-grid-item post-3788 post type-post status-publish format-standard has-post-thumbnail hentry category-comunicat-de-presa\" role=\"listitem\">\n\t\t\t\t<a class=\"elementor-post__thumbnail__link\" href=\"https:\/\/www.pddvitalmm.ro\/en\/2025\/04\/17\/semnarea-contractului-de-executie-lucrari-mm-cl-02-proiectare-si-executie-inclusiv-at-din-partea-proiectantului-conf-legii-10-1995-extindere-statii-de-epurare-existente-si-constructie-statii\/\" tabindex=\"-1\" target=\"&quot;_blank&quot;\">\n\t\t\t<div class=\"elementor-post__thumbnail\"><img decoding=\"async\" src=\"https:\/\/www.pddvitalmm.ro\/wp-content\/uploads\/2025\/02\/MEZ_7074-2.jpg\" class=\"attachment-full size-full wp-image-664\" alt=\"\" \/><\/div>\n\t\t<\/a>\n\t\t\t\t<div class=\"elementor-post__text\">\n\t\t\t\t<h3 class=\"elementor-post__title\">\n\t\t\t<a href=\"https:\/\/www.pddvitalmm.ro\/en\/2025\/04\/17\/semnarea-contractului-de-executie-lucrari-mm-cl-02-proiectare-si-executie-inclusiv-at-din-partea-proiectantului-conf-legii-10-1995-extindere-statii-de-epurare-existente-si-constructie-statii\/\" target=\"&quot;_blank&quot;\">\n\t\t\t\tSemnarea Contractului de proiectare \u0219i execu\u021bie lucr\u0103ri MM-CL-02: Proiectare si executie (inclusiv AT din partea proiectantului conf. Legii 10\/1995) &#8211; Extindere statii de epurare existente si constructie statii de epurare noi\t\t\t<\/a>\n\t\t<\/h3>\n\t\t\t\t<div class=\"elementor-post__meta-data\">\n\t\t\t\t\t<span class=\"elementor-post-date\">\n\t\t\tApril 17, 2025\t\t<\/span>\n\t\t\t\t<span class=\"elementor-post-avatar\">\n\t\t\tNo Comments\t\t<\/span>\n\t\t\t\t<\/div>\n\t\t\t\t\t<div class=\"elementor-post__read-more-wrapper\">\n\t\t\n\t\t<a class=\"elementor-post__read-more\" href=\"https:\/\/www.pddvitalmm.ro\/en\/2025\/04\/17\/semnarea-contractului-de-executie-lucrari-mm-cl-02-proiectare-si-executie-inclusiv-at-din-partea-proiectantului-conf-legii-10-1995-extindere-statii-de-epurare-existente-si-constructie-statii\/\" aria-label=\"Read more about Semnarea Contractului de proiectare \u0219i execu\u021bie lucr\u0103ri MM-CL-02: Proiectare si executie (inclusiv AT din partea proiectantului conf. Legii 10\/1995) &#8211; Extindere statii de epurare existente si constructie statii de epurare noi\" tabindex=\"-1\" target=\"_blank\">\n\t\t\tREAD MORE\t\t<\/a>\n\n\t\t\t\t\t<\/div>\n\t\t\t\t<\/div>\n\t\t\t\t<\/article>\n\t\t\t\t<article class=\"elementor-post elementor-grid-item post-3561 post type-post status-publish format-standard has-post-thumbnail hentry category-comunicat-de-presa\" role=\"listitem\">\n\t\t\t\t<a class=\"elementor-post__thumbnail__link\" href=\"https:\/\/www.pddvitalmm.ro\/en\/2025\/03\/24\/semnarea-contractului-de-executie-lucrari-mm-cl-09-retele-de-apa-si-apa-uzata-sighetu-marmatiei-vadu-izei-sarasau-campulung-la-tisa-remeti\/\" tabindex=\"-1\" target=\"&quot;_blank&quot;\">\n\t\t\t<div class=\"elementor-post__thumbnail\"><img loading=\"lazy\" decoding=\"async\" width=\"2560\" height=\"1707\" src=\"https:\/\/www.pddvitalmm.ro\/wp-content\/uploads\/2025\/02\/MEZ_7100-5-scaled.jpg\" class=\"attachment-full size-full wp-image-928\" alt=\"\" srcset=\"https:\/\/www.pddvitalmm.ro\/wp-content\/uploads\/2025\/02\/MEZ_7100-5-scaled.jpg 2560w, https:\/\/www.pddvitalmm.ro\/wp-content\/uploads\/2025\/02\/MEZ_7100-5-300x200.jpg 300w, https:\/\/www.pddvitalmm.ro\/wp-content\/uploads\/2025\/02\/MEZ_7100-5-1024x683.jpg 1024w, https:\/\/www.pddvitalmm.ro\/wp-content\/uploads\/2025\/02\/MEZ_7100-5-768x512.jpg 768w, https:\/\/www.pddvitalmm.ro\/wp-content\/uploads\/2025\/02\/MEZ_7100-5-1536x1024.jpg 1536w, https:\/\/www.pddvitalmm.ro\/wp-content\/uploads\/2025\/02\/MEZ_7100-5-2048x1365.jpg 2048w\" sizes=\"(max-width: 2560px) 100vw, 2560px\" \/><\/div>\n\t\t<\/a>\n\t\t\t\t<div class=\"elementor-post__text\">\n\t\t\t\t<h3 class=\"elementor-post__title\">\n\t\t\t<a href=\"https:\/\/www.pddvitalmm.ro\/en\/2025\/03\/24\/semnarea-contractului-de-executie-lucrari-mm-cl-09-retele-de-apa-si-apa-uzata-sighetu-marmatiei-vadu-izei-sarasau-campulung-la-tisa-remeti\/\" target=\"&quot;_blank&quot;\">\n\t\t\t\tSigning of the Works Execution Contract MM-CL-09: Water and wastewater networks in Sighetu Marmatiei, Vadu Izei, Sarasau, Campulung la Tisa, Remeti\t\t\t<\/a>\n\t\t<\/h3>\n\t\t\t\t<div class=\"elementor-post__meta-data\">\n\t\t\t\t\t<span class=\"elementor-post-date\">\n\t\t\tMarch 24, 2025\t\t<\/span>\n\t\t\t\t<span class=\"elementor-post-avatar\">\n\t\t\tNo Comments\t\t<\/span>\n\t\t\t\t<\/div>\n\t\t\t\t\t<div class=\"elementor-post__read-more-wrapper\">\n\t\t\n\t\t<a class=\"elementor-post__read-more\" href=\"https:\/\/www.pddvitalmm.ro\/en\/2025\/03\/24\/semnarea-contractului-de-executie-lucrari-mm-cl-09-retele-de-apa-si-apa-uzata-sighetu-marmatiei-vadu-izei-sarasau-campulung-la-tisa-remeti\/\" aria-label=\"Read more about Semnarea Contractului de execu\u0163ie lucr\u0103ri MM-CL-09: Re\u021bele de ap\u0103 \u0219i ap\u0103 uzat\u0103 Sighetu Marma\u021biei, Vadu Izei, Saras\u0103u, C\u00e2mpulung la Tisa, Remeti\" tabindex=\"-1\" target=\"_blank\">\n\t\t\tREAD MORE\t\t<\/a>\n\n\t\t\t\t\t<\/div>\n\t\t\t\t<\/div>\n\t\t\t\t<\/article>\n\t\t\t\t<article class=\"elementor-post elementor-grid-item post-1206 post type-post status-publish format-standard has-post-thumbnail hentry category-comunicat-de-presa\" role=\"listitem\">\n\t\t\t\t<a class=\"elementor-post__thumbnail__link\" href=\"https:\/\/www.pddvitalmm.ro\/en\/2025\/01\/22\/semnarea-contractulul-de-executie-lucrari-mm-cl-04\/\" tabindex=\"-1\" target=\"&quot;_blank&quot;\">\n\t\t\t<div class=\"elementor-post__thumbnail\"><img loading=\"lazy\" decoding=\"async\" width=\"2560\" height=\"1707\" src=\"https:\/\/www.pddvitalmm.ro\/wp-content\/uploads\/2025\/02\/MEZ_7068-7-scaled.jpg\" class=\"attachment-full size-full wp-image-912\" alt=\"\" srcset=\"https:\/\/www.pddvitalmm.ro\/wp-content\/uploads\/2025\/02\/MEZ_7068-7-scaled.jpg 2560w, https:\/\/www.pddvitalmm.ro\/wp-content\/uploads\/2025\/02\/MEZ_7068-7-300x200.jpg 300w, https:\/\/www.pddvitalmm.ro\/wp-content\/uploads\/2025\/02\/MEZ_7068-7-1024x683.jpg 1024w, https:\/\/www.pddvitalmm.ro\/wp-content\/uploads\/2025\/02\/MEZ_7068-7-768x512.jpg 768w, https:\/\/www.pddvitalmm.ro\/wp-content\/uploads\/2025\/02\/MEZ_7068-7-1536x1024.jpg 1536w, https:\/\/www.pddvitalmm.ro\/wp-content\/uploads\/2025\/02\/MEZ_7068-7-2048x1365.jpg 2048w\" sizes=\"(max-width: 2560px) 100vw, 2560px\" \/><\/div>\n\t\t<\/a>\n\t\t\t\t<div class=\"elementor-post__text\">\n\t\t\t\t<h3 class=\"elementor-post__title\">\n\t\t\t<a href=\"https:\/\/www.pddvitalmm.ro\/en\/2025\/01\/22\/semnarea-contractulul-de-executie-lucrari-mm-cl-04\/\" target=\"&quot;_blank&quot;\">\n\t\t\t\tSemnarea Contractului de proiectare \u0219i execu\u021bie lucr\u0103ri MM-CL-04 &#8211; Sistem transport ap\u0103 potabil\u0103 Baia Mare &#8211; Satulung &#8211; \u0218omcuta Mare &#8211; Mire\u0219u Mare &#8211; Ulmeni &#8211; Remetea Chioarului\t\t\t<\/a>\n\t\t<\/h3>\n\t\t\t\t<div class=\"elementor-post__meta-data\">\n\t\t\t\t\t<span class=\"elementor-post-date\">\n\t\t\tJanuary 22, 2025\t\t<\/span>\n\t\t\t\t<span class=\"elementor-post-avatar\">\n\t\t\tNo Comments\t\t<\/span>\n\t\t\t\t<\/div>\n\t\t\t\t\t<div class=\"elementor-post__read-more-wrapper\">\n\t\t\n\t\t<a class=\"elementor-post__read-more\" href=\"https:\/\/www.pddvitalmm.ro\/en\/2025\/01\/22\/semnarea-contractulul-de-executie-lucrari-mm-cl-04\/\" aria-label=\"Read more about Semnarea Contractului de proiectare \u0219i execu\u021bie lucr\u0103ri MM-CL-04 &#8211; Sistem transport ap\u0103 potabil\u0103 Baia Mare &#8211; Satulung &#8211; \u0218omcuta Mare &#8211; Mire\u0219u Mare &#8211; Ulmeni &#8211; Remetea Chioarului\" tabindex=\"-1\" target=\"_blank\">\n\t\t\tREAD MORE\t\t<\/a>\n\n\t\t\t\t\t<\/div>\n\t\t\t\t<\/div>\n\t\t\t\t<\/article>\n\t\t\t\t<article class=\"elementor-post elementor-grid-item post-1190 post type-post status-publish format-standard has-post-thumbnail hentry category-comunicat-de-presa\" role=\"listitem\">\n\t\t\t\t<a class=\"elementor-post__thumbnail__link\" href=\"https:\/\/www.pddvitalmm.ro\/en\/2025\/01\/08\/semnarea-contractului-de-executie-lucrari-mm-cl-06-retele-de-apa-si-apa-uzata-baia-mare\/\" tabindex=\"-1\" target=\"&quot;_blank&quot;\">\n\t\t\t<div class=\"elementor-post__thumbnail\"><img loading=\"lazy\" decoding=\"async\" width=\"2560\" height=\"1707\" src=\"https:\/\/www.pddvitalmm.ro\/wp-content\/uploads\/2025\/02\/MEZ_7100-5-scaled.jpg\" class=\"attachment-full size-full wp-image-928\" alt=\"\" srcset=\"https:\/\/www.pddvitalmm.ro\/wp-content\/uploads\/2025\/02\/MEZ_7100-5-scaled.jpg 2560w, https:\/\/www.pddvitalmm.ro\/wp-content\/uploads\/2025\/02\/MEZ_7100-5-300x200.jpg 300w, https:\/\/www.pddvitalmm.ro\/wp-content\/uploads\/2025\/02\/MEZ_7100-5-1024x683.jpg 1024w, https:\/\/www.pddvitalmm.ro\/wp-content\/uploads\/2025\/02\/MEZ_7100-5-768x512.jpg 768w, https:\/\/www.pddvitalmm.ro\/wp-content\/uploads\/2025\/02\/MEZ_7100-5-1536x1024.jpg 1536w, https:\/\/www.pddvitalmm.ro\/wp-content\/uploads\/2025\/02\/MEZ_7100-5-2048x1365.jpg 2048w\" sizes=\"(max-width: 2560px) 100vw, 2560px\" \/><\/div>\n\t\t<\/a>\n\t\t\t\t<div class=\"elementor-post__text\">\n\t\t\t\t<h3 class=\"elementor-post__title\">\n\t\t\t<a href=\"https:\/\/www.pddvitalmm.ro\/en\/2025\/01\/08\/semnarea-contractului-de-executie-lucrari-mm-cl-06-retele-de-apa-si-apa-uzata-baia-mare\/\" target=\"&quot;_blank&quot;\">\n\t\t\t\tSigning of the Execution Contract MM-CL-06 \u2013 Water and Wastewater Networks Baia Mare\t\t\t<\/a>\n\t\t<\/h3>\n\t\t\t\t<div class=\"elementor-post__meta-data\">\n\t\t\t\t\t<span class=\"elementor-post-date\">\n\t\t\tJanuary 8, 2025\t\t<\/span>\n\t\t\t\t<span class=\"elementor-post-avatar\">\n\t\t\tNo Comments\t\t<\/span>\n\t\t\t\t<\/div>\n\t\t\t\t\t<div class=\"elementor-post__read-more-wrapper\">\n\t\t\n\t\t<a class=\"elementor-post__read-more\" href=\"https:\/\/www.pddvitalmm.ro\/en\/2025\/01\/08\/semnarea-contractului-de-executie-lucrari-mm-cl-06-retele-de-apa-si-apa-uzata-baia-mare\/\" aria-label=\"Read more about Semnarea Contractului de execu\u0163ie lucr\u0103ri MM-CL-06 &#8211; Re\u021bele de ap\u0103 \u0219i ap\u0103 uzat\u0103 Baia Mare\" tabindex=\"-1\" target=\"_blank\">\n\t\t\tREAD MORE\t\t<\/a>\n\n\t\t\t\t\t<\/div>\n\t\t\t\t<\/div>\n\t\t\t\t<\/article>\n\t\t\t\t<article class=\"elementor-post elementor-grid-item post-1222 post type-post status-publish format-standard has-post-thumbnail hentry category-comunicat-de-presa\" role=\"listitem\">\n\t\t\t\t<a class=\"elementor-post__thumbnail__link\" href=\"https:\/\/www.pddvitalmm.ro\/en\/2025\/01\/08\/semnarea-contractulul-de-executie-lucrari-mm-cl-11\/\" tabindex=\"-1\" target=\"&quot;_blank&quot;\">\n\t\t\t<div class=\"elementor-post__thumbnail\"><img loading=\"lazy\" decoding=\"async\" width=\"2560\" height=\"1707\" src=\"https:\/\/www.pddvitalmm.ro\/wp-content\/uploads\/2025\/02\/MEZ_7110-1-scaled.jpg\" class=\"attachment-full size-full wp-image-361\" alt=\"\" srcset=\"https:\/\/www.pddvitalmm.ro\/wp-content\/uploads\/2025\/02\/MEZ_7110-1-scaled.jpg 2560w, https:\/\/www.pddvitalmm.ro\/wp-content\/uploads\/2025\/02\/MEZ_7110-1-300x200.jpg 300w, https:\/\/www.pddvitalmm.ro\/wp-content\/uploads\/2025\/02\/MEZ_7110-1-1024x683.jpg 1024w, https:\/\/www.pddvitalmm.ro\/wp-content\/uploads\/2025\/02\/MEZ_7110-1-768x512.jpg 768w, https:\/\/www.pddvitalmm.ro\/wp-content\/uploads\/2025\/02\/MEZ_7110-1-1536x1024.jpg 1536w, https:\/\/www.pddvitalmm.ro\/wp-content\/uploads\/2025\/02\/MEZ_7110-1-2048x1365.jpg 2048w, https:\/\/www.pddvitalmm.ro\/wp-content\/uploads\/2025\/02\/MEZ_7110-1-1620x1080.jpg 1620w\" sizes=\"(max-width: 2560px) 100vw, 2560px\" \/><\/div>\n\t\t<\/a>\n\t\t\t\t<div class=\"elementor-post__text\">\n\t\t\t\t<h3 class=\"elementor-post__title\">\n\t\t\t<a href=\"https:\/\/www.pddvitalmm.ro\/en\/2025\/01\/08\/semnarea-contractulul-de-executie-lucrari-mm-cl-11\/\" target=\"&quot;_blank&quot;\">\n\t\t\t\tSigning of the Execution Contract MM-CL-11 \u2013 Water and Wastewater Networks: Targu Lapus, Ulmeni, Cavnic, Miresu Mare, Suciu de Sus, Ardusat\t\t\t<\/a>\n\t\t<\/h3>\n\t\t\t\t<div class=\"elementor-post__meta-data\">\n\t\t\t\t\t<span class=\"elementor-post-date\">\n\t\t\tJanuary 8, 2025\t\t<\/span>\n\t\t\t\t<span class=\"elementor-post-avatar\">\n\t\t\tNo Comments\t\t<\/span>\n\t\t\t\t<\/div>\n\t\t\t\t\t<div class=\"elementor-post__read-more-wrapper\">\n\t\t\n\t\t<a class=\"elementor-post__read-more\" href=\"https:\/\/www.pddvitalmm.ro\/en\/2025\/01\/08\/semnarea-contractulul-de-executie-lucrari-mm-cl-11\/\" aria-label=\"Read more about Semnarea Contractului de execu\u0163ie lucr\u0103ri MM-CL-11 &#8211; Re\u021bele ap\u0103 \u0219i ap\u0103 uzat\u0103: T\u00e2rgu L\u0103pu\u0219, Ulmeni, Cavnic, Mire\u0219u Mare, Suciu de Sus, Ardusat\" tabindex=\"-1\" target=\"_blank\">\n\t\t\tREAD MORE\t\t<\/a>\n\n\t\t\t\t\t<\/div>\n\t\t\t\t<\/div>\n\t\t\t\t<\/article>\n\t\t\t\t<article class=\"elementor-post elementor-grid-item post-1216 post type-post status-publish format-standard has-post-thumbnail hentry category-comunicat-de-presa\" role=\"listitem\">\n\t\t\t\t<a class=\"elementor-post__thumbnail__link\" href=\"https:\/\/www.pddvitalmm.ro\/en\/2025\/01\/08\/semnarea-contractulul-de-executie-lucrari-mm-cl-07\/\" tabindex=\"-1\" target=\"&quot;_blank&quot;\">\n\t\t\t<div class=\"elementor-post__thumbnail\"><img loading=\"lazy\" decoding=\"async\" width=\"2560\" height=\"1707\" src=\"https:\/\/www.pddvitalmm.ro\/wp-content\/uploads\/2025\/02\/MEZ_7083-2-scaled.jpg\" class=\"attachment-full size-full wp-image-920\" alt=\"\" srcset=\"https:\/\/www.pddvitalmm.ro\/wp-content\/uploads\/2025\/02\/MEZ_7083-2-scaled.jpg 2560w, https:\/\/www.pddvitalmm.ro\/wp-content\/uploads\/2025\/02\/MEZ_7083-2-300x200.jpg 300w, https:\/\/www.pddvitalmm.ro\/wp-content\/uploads\/2025\/02\/MEZ_7083-2-1024x683.jpg 1024w, https:\/\/www.pddvitalmm.ro\/wp-content\/uploads\/2025\/02\/MEZ_7083-2-768x512.jpg 768w, https:\/\/www.pddvitalmm.ro\/wp-content\/uploads\/2025\/02\/MEZ_7083-2-1536x1024.jpg 1536w, https:\/\/www.pddvitalmm.ro\/wp-content\/uploads\/2025\/02\/MEZ_7083-2-2048x1365.jpg 2048w\" sizes=\"(max-width: 2560px) 100vw, 2560px\" \/><\/div>\n\t\t<\/a>\n\t\t\t\t<div class=\"elementor-post__text\">\n\t\t\t\t<h3 class=\"elementor-post__title\">\n\t\t\t<a href=\"https:\/\/www.pddvitalmm.ro\/en\/2025\/01\/08\/semnarea-contractulul-de-executie-lucrari-mm-cl-07\/\" target=\"&quot;_blank&quot;\">\n\t\t\t\tSigning of the Execution Contract MM-CL-07 \u2013 Water and Wastewater Networks: Tautii-Magheraus, Recea, Baia Sprie, Sisesti\t\t\t<\/a>\n\t\t<\/h3>\n\t\t\t\t<div class=\"elementor-post__meta-data\">\n\t\t\t\t\t<span class=\"elementor-post-date\">\n\t\t\tJanuary 8, 2025\t\t<\/span>\n\t\t\t\t<span class=\"elementor-post-avatar\">\n\t\t\tNo Comments\t\t<\/span>\n\t\t\t\t<\/div>\n\t\t\t\t\t<div class=\"elementor-post__read-more-wrapper\">\n\t\t\n\t\t<a class=\"elementor-post__read-more\" href=\"https:\/\/www.pddvitalmm.ro\/en\/2025\/01\/08\/semnarea-contractulul-de-executie-lucrari-mm-cl-07\/\" aria-label=\"Read more about Semnarea Contractului de execu\u0163ie lucr\u0103ri MM-CL-07 &#8211; Re\u021bele de ap\u0103 \u0219i ap\u0103 uzat\u0103: T\u0103u\u021bii-M\u0103gher\u0103u\u0219, Recea, Baia Sprie, \u0218i\u0219e\u0219ti\" tabindex=\"-1\" target=\"_blank\">\n\t\t\tREAD MORE\t\t<\/a>\n\n\t\t\t\t\t<\/div>\n\t\t\t\t<\/div>\n\t\t\t\t<\/article>\n\t\t\t\t<article class=\"elementor-post elementor-grid-item post-1228 post type-post status-publish format-standard has-post-thumbnail hentry category-comunicat-de-presa\" role=\"listitem\">\n\t\t\t\t<a class=\"elementor-post__thumbnail__link\" href=\"https:\/\/www.pddvitalmm.ro\/en\/2024\/12\/12\/semnarea-contractulul-de-executie-lucrari-mm-ser-01\/\" tabindex=\"-1\" target=\"&quot;_blank&quot;\">\n\t\t\t<div class=\"elementor-post__thumbnail\"><img loading=\"lazy\" decoding=\"async\" width=\"2560\" height=\"1707\" src=\"https:\/\/www.pddvitalmm.ro\/wp-content\/uploads\/2025\/02\/MEZ_7116-scaled.jpg\" class=\"attachment-full size-full wp-image-307\" alt=\"\" srcset=\"https:\/\/www.pddvitalmm.ro\/wp-content\/uploads\/2025\/02\/MEZ_7116-scaled.jpg 2560w, https:\/\/www.pddvitalmm.ro\/wp-content\/uploads\/2025\/02\/MEZ_7116-300x200.jpg 300w, https:\/\/www.pddvitalmm.ro\/wp-content\/uploads\/2025\/02\/MEZ_7116-1024x683.jpg 1024w, https:\/\/www.pddvitalmm.ro\/wp-content\/uploads\/2025\/02\/MEZ_7116-768x512.jpg 768w, https:\/\/www.pddvitalmm.ro\/wp-content\/uploads\/2025\/02\/MEZ_7116-1536x1024.jpg 1536w, https:\/\/www.pddvitalmm.ro\/wp-content\/uploads\/2025\/02\/MEZ_7116-2048x1365.jpg 2048w, https:\/\/www.pddvitalmm.ro\/wp-content\/uploads\/2025\/02\/MEZ_7116-1620x1080.jpg 1620w\" sizes=\"(max-width: 2560px) 100vw, 2560px\" \/><\/div>\n\t\t<\/a>\n\t\t\t\t<div class=\"elementor-post__text\">\n\t\t\t\t<h3 class=\"elementor-post__title\">\n\t\t\t<a href=\"https:\/\/www.pddvitalmm.ro\/en\/2024\/12\/12\/semnarea-contractulul-de-executie-lucrari-mm-ser-01\/\" target=\"&quot;_blank&quot;\">\n\t\t\t\tSigning of the Services Contract MM-SER-01 \u2013 Audit of the Regional Project for the Development of Water and Wastewater Infrastructure in Maramures County\t\t\t<\/a>\n\t\t<\/h3>\n\t\t\t\t<div class=\"elementor-post__meta-data\">\n\t\t\t\t\t<span class=\"elementor-post-date\">\n\t\t\tDecember 12, 2024\t\t<\/span>\n\t\t\t\t<span class=\"elementor-post-avatar\">\n\t\t\tNo Comments\t\t<\/span>\n\t\t\t\t<\/div>\n\t\t\t\t\t<div class=\"elementor-post__read-more-wrapper\">\n\t\t\n\t\t<a class=\"elementor-post__read-more\" href=\"https:\/\/www.pddvitalmm.ro\/en\/2024\/12\/12\/semnarea-contractulul-de-executie-lucrari-mm-ser-01\/\" aria-label=\"Read more about Semnarea Contractului de servicii MM-SER-01 &#8211; Auditul Proiectului regional de dezvoltare a infrastructurii de ap\u0103 \u0219i ap\u0103 uzat\u0103 \u00een jude\u021bul Maramure\u0219\" tabindex=\"-1\" target=\"_blank\">\n\t\t\tREAD MORE\t\t<\/a>\n\n\t\t\t\t\t<\/div>\n\t\t\t\t<\/div>\n\t\t\t\t<\/article>\n\t\t\t\t<article class=\"elementor-post elementor-grid-item post-1236 post type-post status-publish format-standard has-post-thumbnail hentry category-comunicat-de-presa\" role=\"listitem\">\n\t\t\t\t<a class=\"elementor-post__thumbnail__link\" href=\"https:\/\/www.pddvitalmm.ro\/en\/2024\/12\/02\/semnarea-contractulul-de-executie-lucrari-mm-ser-02\/\" tabindex=\"-1\" target=\"&quot;_blank&quot;\">\n\t\t\t<div class=\"elementor-post__thumbnail\"><img loading=\"lazy\" decoding=\"async\" width=\"2560\" height=\"1707\" src=\"https:\/\/www.pddvitalmm.ro\/wp-content\/uploads\/2025\/02\/MEZ_7218-1-scaled.jpg\" class=\"attachment-full size-full wp-image-737\" alt=\"\" srcset=\"https:\/\/www.pddvitalmm.ro\/wp-content\/uploads\/2025\/02\/MEZ_7218-1-scaled.jpg 2560w, https:\/\/www.pddvitalmm.ro\/wp-content\/uploads\/2025\/02\/MEZ_7218-1-300x200.jpg 300w, https:\/\/www.pddvitalmm.ro\/wp-content\/uploads\/2025\/02\/MEZ_7218-1-1024x683.jpg 1024w, https:\/\/www.pddvitalmm.ro\/wp-content\/uploads\/2025\/02\/MEZ_7218-1-768x512.jpg 768w, https:\/\/www.pddvitalmm.ro\/wp-content\/uploads\/2025\/02\/MEZ_7218-1-1536x1024.jpg 1536w, https:\/\/www.pddvitalmm.ro\/wp-content\/uploads\/2025\/02\/MEZ_7218-1-2048x1365.jpg 2048w, https:\/\/www.pddvitalmm.ro\/wp-content\/uploads\/2025\/02\/MEZ_7218-1-1620x1080.jpg 1620w\" sizes=\"(max-width: 2560px) 100vw, 2560px\" \/><\/div>\n\t\t<\/a>\n\t\t\t\t<div class=\"elementor-post__text\">\n\t\t\t\t<h3 class=\"elementor-post__title\">\n\t\t\t<a href=\"https:\/\/www.pddvitalmm.ro\/en\/2024\/12\/02\/semnarea-contractulul-de-executie-lucrari-mm-ser-02\/\" target=\"&quot;_blank&quot;\">\n\t\t\t\tSigning of the Services Contract MM-SER-02 \u2013 Publicity of the Regional Project for the Development of Water and Wastewater Infrastructure in Maramures County\t\t\t<\/a>\n\t\t<\/h3>\n\t\t\t\t<div class=\"elementor-post__meta-data\">\n\t\t\t\t\t<span class=\"elementor-post-date\">\n\t\t\tDecember 2, 2024\t\t<\/span>\n\t\t\t\t<span class=\"elementor-post-avatar\">\n\t\t\tNo Comments\t\t<\/span>\n\t\t\t\t<\/div>\n\t\t\t\t\t<div class=\"elementor-post__read-more-wrapper\">\n\t\t\n\t\t<a class=\"elementor-post__read-more\" href=\"https:\/\/www.pddvitalmm.ro\/en\/2024\/12\/02\/semnarea-contractulul-de-executie-lucrari-mm-ser-02\/\" aria-label=\"Read more about Semnarea Contractului de servicii MM-SER-02 &#8211; Publicitatea Proiectului regional de dezvoltare a infrastructurii de ap\u0103 \u0219i ap\u0103 uzat\u0103 \u00een jude\u021bul Maramure\u0219\" tabindex=\"-1\" target=\"_blank\">\n\t\t\tREAD MORE\t\t<\/a>\n\n\t\t\t\t\t<\/div>\n\t\t\t\t<\/div>\n\t\t\t\t<\/article>\n\t\t\t\t<article class=\"elementor-post elementor-grid-item post-1242 post type-post status-publish format-standard has-post-thumbnail hentry category-comunicat-de-presa\" role=\"listitem\">\n\t\t\t\t<a class=\"elementor-post__thumbnail__link\" href=\"https:\/\/www.pddvitalmm.ro\/en\/2024\/11\/08\/semnarea-contractulul-de-executie-lucrari-mm-f-01\/\" tabindex=\"-1\" target=\"&quot;_blank&quot;\">\n\t\t\t<div class=\"elementor-post__thumbnail\"><img loading=\"lazy\" decoding=\"async\" width=\"2560\" height=\"1707\" src=\"https:\/\/www.pddvitalmm.ro\/wp-content\/uploads\/2025\/02\/MEZ_7299-scaled.jpg\" class=\"attachment-full size-full wp-image-325\" alt=\"\" srcset=\"https:\/\/www.pddvitalmm.ro\/wp-content\/uploads\/2025\/02\/MEZ_7299-scaled.jpg 2560w, https:\/\/www.pddvitalmm.ro\/wp-content\/uploads\/2025\/02\/MEZ_7299-300x200.jpg 300w, https:\/\/www.pddvitalmm.ro\/wp-content\/uploads\/2025\/02\/MEZ_7299-1024x683.jpg 1024w, https:\/\/www.pddvitalmm.ro\/wp-content\/uploads\/2025\/02\/MEZ_7299-768x512.jpg 768w, https:\/\/www.pddvitalmm.ro\/wp-content\/uploads\/2025\/02\/MEZ_7299-1536x1024.jpg 1536w, https:\/\/www.pddvitalmm.ro\/wp-content\/uploads\/2025\/02\/MEZ_7299-2048x1365.jpg 2048w, https:\/\/www.pddvitalmm.ro\/wp-content\/uploads\/2025\/02\/MEZ_7299-1620x1080.jpg 1620w\" sizes=\"(max-width: 2560px) 100vw, 2560px\" \/><\/div>\n\t\t<\/a>\n\t\t\t\t<div class=\"elementor-post__text\">\n\t\t\t\t<h3 class=\"elementor-post__title\">\n\t\t\t<a href=\"https:\/\/www.pddvitalmm.ro\/en\/2024\/11\/08\/semnarea-contractulul-de-executie-lucrari-mm-f-01\/\" target=\"&quot;_blank&quot;\">\n\t\t\t\tSigning of the Supply Contract MM-F01 \u2013 Goods and Equipment\t\t\t<\/a>\n\t\t<\/h3>\n\t\t\t\t<div class=\"elementor-post__meta-data\">\n\t\t\t\t\t<span class=\"elementor-post-date\">\n\t\t\tNovember 8, 2024\t\t<\/span>\n\t\t\t\t<span class=\"elementor-post-avatar\">\n\t\t\tNo Comments\t\t<\/span>\n\t\t\t\t<\/div>\n\t\t\t\t\t<div class=\"elementor-post__read-more-wrapper\">\n\t\t\n\t\t<a class=\"elementor-post__read-more\" href=\"https:\/\/www.pddvitalmm.ro\/en\/2024\/11\/08\/semnarea-contractulul-de-executie-lucrari-mm-f-01\/\" aria-label=\"Read more about Semnarea Contractului de furnizare MM-F01 &#8211; Bunuri \u0219i echipamente\" tabindex=\"-1\" target=\"_blank\">\n\t\t\tREAD MORE\t\t<\/a>\n\n\t\t\t\t\t<\/div>\n\t\t\t\t<\/div>\n\t\t\t\t<\/article>\n\t\t\t\t<article class=\"elementor-post elementor-grid-item post-1 post type-post status-publish format-standard has-post-thumbnail hentry category-comunicat-de-presa\" role=\"listitem\">\n\t\t\t\t<a class=\"elementor-post__thumbnail__link\" href=\"https:\/\/www.pddvitalmm.ro\/en\/2024\/09\/25\/cf_pdd\/\" tabindex=\"-1\" target=\"&quot;_blank&quot;\">\n\t\t\t<div class=\"elementor-post__thumbnail\"><img decoding=\"async\" src=\"https:\/\/www.pddvitalmm.ro\/wp-content\/uploads\/2025\/02\/MEZ_7201-1.jpg\" class=\"attachment-full size-full wp-image-969\" alt=\"\" \/><\/div>\n\t\t<\/a>\n\t\t\t\t<div class=\"elementor-post__text\">\n\t\t\t\t<h3 class=\"elementor-post__title\">\n\t\t\t<a href=\"https:\/\/www.pddvitalmm.ro\/en\/2024\/09\/25\/cf_pdd\/\" target=\"&quot;_blank&quot;\">\n\t\t\t\tSemnarea Contractului de Finan\u021bare nr. 101 din data de 25.09.2024\t\t\t<\/a>\n\t\t<\/h3>\n\t\t\t\t<div class=\"elementor-post__meta-data\">\n\t\t\t\t\t<span class=\"elementor-post-date\">\n\t\t\tSeptember 25, 2024\t\t<\/span>\n\t\t\t\t<span class=\"elementor-post-avatar\">\n\t\t\tNo Comments\t\t<\/span>\n\t\t\t\t<\/div>\n\t\t\t\t\t<div class=\"elementor-post__read-more-wrapper\">\n\t\t\n\t\t<a class=\"elementor-post__read-more\" href=\"https:\/\/www.pddvitalmm.ro\/en\/2024\/09\/25\/cf_pdd\/\" aria-label=\"Read more about Semnarea Contractului de Finan\u021bare nr. 101 din data de 25.09.2024\" tabindex=\"-1\" target=\"_blank\">\n\t\t\tREAD MORE\t\t<\/a>\n\n\t\t\t\t\t<\/div>\n\t\t\t\t<\/div>\n\t\t\t\t<\/article>\n\t\t\t\t<\/div>\n\t\t\n\t\t\t\t\t\t<\/div>\n\t\t\t\t<\/div>\n\t\t\t\t\t<\/div>\n\t\t\t\t<\/div>\n\t\t\t\t<\/div>","protected":false},"excerpt":{"rendered":"","protected":false},"author":1,"featured_media":0,"parent":0,"menu_order":0,"comment_status":"closed","ping_status":"closed","template":"","meta":{"pagelayer_contact_templates":[],"_pagelayer_content":"","footnotes":""},"class_list":["post-22","page","type-page","status-publish","hentry"],"_links":{"self":[{"href":"https:\/\/www.pddvitalmm.ro\/en\/wp-json\/wp\/v2\/pages\/22","targetHints":{"allow":["GET"]}}],"collection":[{"href":"https:\/\/www.pddvitalmm.ro\/en\/wp-json\/wp\/v2\/pages"}],"about":[{"href":"https:\/\/www.pddvitalmm.ro\/en\/wp-json\/wp\/v2\/types\/page"}],"author":[{"embeddable":true,"href":"https:\/\/www.pddvitalmm.ro\/en\/wp-json\/wp\/v2\/users\/1"}],"replies":[{"embeddable":true,"href":"https:\/\/www.pddvitalmm.ro\/en\/wp-json\/wp\/v2\/comments?post=22"}],"version-history":[{"count":106,"href":"https:\/\/www.pddvitalmm.ro\/en\/wp-json\/wp\/v2\/pages\/22\/revisions"}],"predecessor-version":[{"id":2413,"href":"https:\/\/www.pddvitalmm.ro\/en\/wp-json\/wp\/v2\/pages\/22\/revisions\/2413"}],"wp:attachment":[{"href":"https:\/\/www.pddvitalmm.ro\/en\/wp-json\/wp\/v2\/media?parent=22"}],"curies":[{"name":"wp","href":"https:\/\/api.w.org\/{rel}","templated":true}]}}